{"id":5298,"date":"2023-02-22T15:00:42","date_gmt":"2023-02-22T14:00:42","guid":{"rendered":"https:\/\/esg.polenergia.pl\/2022\/?post_type=table&#038;p=5298"},"modified":"2023-02-22T15:00:42","modified_gmt":"2023-02-22T14:00:42","slug":"calkowita-liczba-odejsc-pracownikow-w-podziale-na-plec-i-wiek","status":"publish","type":"table","link":"https:\/\/esg.polenergia.pl\/2022\/table\/calkowita-liczba-odejsc-pracownikow-w-podziale-na-plec-i-wiek\/","title":{"rendered":"Ca\u0142kowita liczba odej\u015b\u0107 pracownik\u00f3w w podziale na p\u0142e\u0107 i wiek"},"content":{"rendered":"<table>\n<thead>\n<tr class=\"tableizer-firstrow\">\n<th><span style=\"color: #00c389;\">Ca\u0142kowita liczba nowych pracownik\u00f3w w podziale na p\u0142e\u0107 i wiek<\/span><\/th>\n<th style=\"text-align: center;\" colspan=\"3\"><span style=\"color: #00c389;\">2022<\/span><\/th>\n<\/tr>\n<\/thead>\n<tbody>\n<tr>\n<td><\/td>\n<td style=\"text-align: center;\"><span style=\"color: #00c389;\"><strong>kobiety<\/strong><\/span><\/td>\n<td style=\"text-align: center;\"><span style=\"color: #00c389;\"><strong>m\u0119\u017cczy\u017ani<\/strong><\/span><\/td>\n<td style=\"text-align: center;\"><span style=\"color: #00c389;\"><strong>suma<\/strong><\/span><\/td>\n<\/tr>\n<tr>\n<td>poni\u017cej 30 lat<\/td>\n<td>60<\/td>\n<td>68<\/td>\n<td>128<\/td>\n<\/tr>\n<tr>\n<td>od 30 do 50 lat<\/td>\n<td>63<\/td>\n<td>96<\/td>\n<td>159<\/td>\n<\/tr>\n<tr>\n<td>powy\u017cej 50 lat<\/td>\n<td>2<\/td>\n<td>6<\/td>\n<td>8<\/td>\n<\/tr>\n<tr>\n<td>SUMA<\/td>\n<td>125<\/td>\n<td>170<\/td>\n<td>295<\/td>\n<\/tr>\n<tr>\n<td><\/td>\n<td><\/td>\n<td><\/td>\n<td><\/td>\n<\/tr>\n<tr>\n<td><span style=\"color: #00c389;\"><strong>Ca\u0142kowita liczba odej\u015b\u0107 pracownik\u00f3w w podziale na p\u0142e\u0107 i wiek<\/strong><\/span><\/td>\n<td style=\"text-align: center;\" colspan=\"3\"><span style=\"color: #00c389;\"><strong>2022<\/strong><\/span><\/td>\n<\/tr>\n<tr>\n<td><\/td>\n<td style=\"text-align: center;\"><span style=\"color: #00c389;\"><strong>kobiety<\/strong><\/span><\/td>\n<td style=\"text-align: center;\"><span style=\"color: #00c389;\"><strong>m\u0119\u017cczy\u017ani<\/strong><\/span><\/td>\n<td style=\"text-align: center;\"><span style=\"color: #00c389;\"><strong>suma<\/strong><\/span><\/td>\n<\/tr>\n<tr>\n<td>poni\u017cej 30 lat<\/td>\n<td>21<\/td>\n<td>27<\/td>\n<td>48<\/td>\n<\/tr>\n<tr>\n<td>od 30 do 50 lat<\/td>\n<td>26<\/td>\n<td>52<\/td>\n<td>78<\/td>\n<\/tr>\n<tr>\n<td>powy\u017cej 50 lat<\/td>\n<td>4<\/td>\n<td>9<\/td>\n<td>13<\/td>\n<\/tr>\n<tr>\n<td>SUMA<\/td>\n<td>51<\/td>\n<td>88<\/td>\n<td>139<\/td>\n<\/tr>\n<tr>\n<td>Wska\u017anik rotacji<\/td>\n<td>41,3%<\/td>\n<td>33,5%<\/td>\n<td>36,8%<\/td>\n<\/tr>\n<\/tbody>\n<\/table>\n","protected":false},"featured_media":0,"template":"","class_list":["post-5298","table","type-table","status-publish","hentry"],"acf":[],"yoast_head":"<!-- This site is optimized with the Yoast SEO plugin v27.4 - https:\/\/yoast.com\/product\/yoast-seo-wordpress\/ -->\n<title>Ca\u0142kowita liczba odej\u015b\u0107 pracownik\u00f3w w podziale na p\u0142e\u0107 i wiek - Serwis ESG 2022<\/title>\n<meta name=\"robots\" content=\"index, follow, max-snippet:-1, max-image-preview:large, max-video-preview:-1\" \/>\n<link rel=\"canonical\" href=\"https:\/\/esg.polenergia.pl\/2022\/table\/calkowita-liczba-odejsc-pracownikow-w-podziale-na-plec-i-wiek\/\" \/>\n<meta property=\"og:locale\" content=\"pl_PL\" \/>\n<meta property=\"og:type\" content=\"article\" \/>\n<meta property=\"og:title\" content=\"Ca\u0142kowita liczba odej\u015b\u0107 pracownik\u00f3w w podziale na p\u0142e\u0107 i wiek - Serwis ESG 2022\" \/>\n<meta property=\"og:description\" content=\"Ca\u0142kowita liczba nowych pracownik\u00f3w w podziale na p\u0142e\u0107 i wiek 2022 kobiety m\u0119\u017cczy\u017ani suma poni\u017cej 30 lat 60 68 128 od 30 do 50 lat 63 96 159 powy\u017cej 50 lat 2 6 8 SUMA 125 170 295 Ca\u0142kowita liczba odej\u015b\u0107 pracownik\u00f3w w podziale na p\u0142e\u0107 i wiek 2022 kobiety m\u0119\u017cczy\u017ani suma poni\u017cej 30 lat [&hellip;]\" \/>\n<meta property=\"og:url\" content=\"https:\/\/esg.polenergia.pl\/2022\/table\/calkowita-liczba-odejsc-pracownikow-w-podziale-na-plec-i-wiek\/\" \/>\n<meta property=\"og:site_name\" content=\"Serwis ESG 2022\" \/>\n<meta property=\"og:image\" content=\"https:\/\/esg.polenergia.pl\/2022\/wp-content\/uploads\/sites\/10\/2023\/04\/polenergiaESGmockupPL.jpg\" \/>\n\t<meta property=\"og:image:width\" content=\"1920\" \/>\n\t<meta property=\"og:image:height\" content=\"1080\" \/>\n\t<meta property=\"og:image:type\" content=\"image\/jpeg\" \/>\n<meta name=\"twitter:card\" content=\"summary_large_image\" \/>\n<meta name=\"twitter:label1\" content=\"Szacowany czas czytania\" \/>\n\t<meta name=\"twitter:data1\" content=\"1 minuta\" \/>\n<script type=\"application\/ld+json\" class=\"yoast-schema-graph\">{\"@context\":\"https:\\\/\\\/schema.org\",\"@graph\":[{\"@type\":\"WebPage\",\"@id\":\"https:\\\/\\\/esg.polenergia.pl\\\/2022\\\/table\\\/calkowita-liczba-odejsc-pracownikow-w-podziale-na-plec-i-wiek\\\/\",\"url\":\"https:\\\/\\\/esg.polenergia.pl\\\/2022\\\/table\\\/calkowita-liczba-odejsc-pracownikow-w-podziale-na-plec-i-wiek\\\/\",\"name\":\"Ca\u0142kowita liczba odej\u015b\u0107 pracownik\u00f3w w podziale na p\u0142e\u0107 i wiek - Serwis ESG 2022\",\"isPartOf\":{\"@id\":\"https:\\\/\\\/esg.polenergia.pl\\\/2022\\\/#website\"},\"datePublished\":\"2023-02-22T14:00:42+00:00\",\"inLanguage\":\"pl-PL\",\"potentialAction\":[{\"@type\":\"ReadAction\",\"target\":[\"https:\\\/\\\/esg.polenergia.pl\\\/2022\\\/table\\\/calkowita-liczba-odejsc-pracownikow-w-podziale-na-plec-i-wiek\\\/\"]}]},{\"@type\":\"WebSite\",\"@id\":\"https:\\\/\\\/esg.polenergia.pl\\\/2022\\\/#website\",\"url\":\"https:\\\/\\\/esg.polenergia.pl\\\/2022\\\/\",\"name\":\"Serwis ESG 2022\",\"description\":\"Niniejszy serwis ESG przedstawia dzia\u0142ania Grupy Polenergia w obszarze Zr\u00f3wnowa\u017conego Rozwoju, m.in. w obszarze lokalnych spo\u0142eczno\u015bci, bior\u00f3\u017cnorodno\u015bci, edukacji klimatycznej czy rozwoju i wspierania pracownik\u00f3w Grupy.\",\"potentialAction\":[{\"@type\":\"SearchAction\",\"target\":{\"@type\":\"EntryPoint\",\"urlTemplate\":\"https:\\\/\\\/esg.polenergia.pl\\\/2022\\\/?s={search_term_string}\"},\"query-input\":{\"@type\":\"PropertyValueSpecification\",\"valueRequired\":true,\"valueName\":\"search_term_string\"}}],\"inLanguage\":\"pl-PL\"}]}<\/script>\n<!-- \/ Yoast SEO plugin. -->","yoast_head_json":{"title":"Ca\u0142kowita liczba odej\u015b\u0107 pracownik\u00f3w w podziale na p\u0142e\u0107 i wiek - Serwis ESG 2022","robots":{"index":"index","follow":"follow","max-snippet":"max-snippet:-1","max-image-preview":"max-image-preview:large","max-video-preview":"max-video-preview:-1"},"canonical":"https:\/\/esg.polenergia.pl\/2022\/table\/calkowita-liczba-odejsc-pracownikow-w-podziale-na-plec-i-wiek\/","og_locale":"pl_PL","og_type":"article","og_title":"Ca\u0142kowita liczba odej\u015b\u0107 pracownik\u00f3w w podziale na p\u0142e\u0107 i wiek - Serwis ESG 2022","og_description":"Ca\u0142kowita liczba nowych pracownik\u00f3w w podziale na p\u0142e\u0107 i wiek 2022 kobiety m\u0119\u017cczy\u017ani suma poni\u017cej 30 lat 60 68 128 od 30 do 50 lat 63 96 159 powy\u017cej 50 lat 2 6 8 SUMA 125 170 295 Ca\u0142kowita liczba odej\u015b\u0107 pracownik\u00f3w w podziale na p\u0142e\u0107 i wiek 2022 kobiety m\u0119\u017cczy\u017ani suma poni\u017cej 30 lat [&hellip;]","og_url":"https:\/\/esg.polenergia.pl\/2022\/table\/calkowita-liczba-odejsc-pracownikow-w-podziale-na-plec-i-wiek\/","og_site_name":"Serwis ESG 2022","og_image":[{"width":1920,"height":1080,"url":"https:\/\/esg.polenergia.pl\/2022\/wp-content\/uploads\/sites\/10\/2023\/04\/polenergiaESGmockupPL.jpg","type":"image\/jpeg"}],"twitter_card":"summary_large_image","twitter_misc":{"Szacowany czas czytania":"1 minuta"},"schema":{"@context":"https:\/\/schema.org","@graph":[{"@type":"WebPage","@id":"https:\/\/esg.polenergia.pl\/2022\/table\/calkowita-liczba-odejsc-pracownikow-w-podziale-na-plec-i-wiek\/","url":"https:\/\/esg.polenergia.pl\/2022\/table\/calkowita-liczba-odejsc-pracownikow-w-podziale-na-plec-i-wiek\/","name":"Ca\u0142kowita liczba odej\u015b\u0107 pracownik\u00f3w w podziale na p\u0142e\u0107 i wiek - Serwis ESG 2022","isPartOf":{"@id":"https:\/\/esg.polenergia.pl\/2022\/#website"},"datePublished":"2023-02-22T14:00:42+00:00","inLanguage":"pl-PL","potentialAction":[{"@type":"ReadAction","target":["https:\/\/esg.polenergia.pl\/2022\/table\/calkowita-liczba-odejsc-pracownikow-w-podziale-na-plec-i-wiek\/"]}]},{"@type":"WebSite","@id":"https:\/\/esg.polenergia.pl\/2022\/#website","url":"https:\/\/esg.polenergia.pl\/2022\/","name":"Serwis ESG 2022","description":"Niniejszy serwis ESG przedstawia dzia\u0142ania Grupy Polenergia w obszarze Zr\u00f3wnowa\u017conego Rozwoju, m.in. w obszarze lokalnych spo\u0142eczno\u015bci, bior\u00f3\u017cnorodno\u015bci, edukacji klimatycznej czy rozwoju i wspierania pracownik\u00f3w Grupy.","potentialAction":[{"@type":"SearchAction","target":{"@type":"EntryPoint","urlTemplate":"https:\/\/esg.polenergia.pl\/2022\/?s={search_term_string}"},"query-input":{"@type":"PropertyValueSpecification","valueRequired":true,"valueName":"search_term_string"}}],"inLanguage":"pl-PL"}]}},"_links":{"self":[{"href":"https:\/\/esg.polenergia.pl\/2022\/wp-json\/wp\/v2\/table\/5298","targetHints":{"allow":["GET"]}}],"collection":[{"href":"https:\/\/esg.polenergia.pl\/2022\/wp-json\/wp\/v2\/table"}],"about":[{"href":"https:\/\/esg.polenergia.pl\/2022\/wp-json\/wp\/v2\/types\/table"}],"wp:attachment":[{"href":"https:\/\/esg.polenergia.pl\/2022\/wp-json\/wp\/v2\/media?parent=5298"}],"curies":[{"name":"wp","href":"https:\/\/api.w.org\/{rel}","templated":true}]}}